{"id":2655,"date":"2024-08-02T12:12:00","date_gmt":"2024-08-02T10:12:00","guid":{"rendered":"https:\/\/fokusisrael.ch\/pourquoi-est-il-important-deliminer-la-menace-iranienne-pour-israel-et-le-monde-entier\/"},"modified":"2026-04-02T00:40:05","modified_gmt":"2026-04-01T22:40:05","slug":"pourquoi-est-il-important-deliminer-la-menace-iranienne-pour-israel-et-le-monde-entier","status":"publish","type":"page","link":"https:\/\/fokusisrael.ch\/fr\/questions-et-reponses-sur-israel-gaza-et-les-palestiniens\/pourquoi-est-il-important-deliminer-la-menace-iranienne-pour-israel-et-le-monde-entier\/","title":{"rendered":"Pourquoi est-il important d&rsquo;\u00e9liminer la menace iranienne pour Isra\u00ebl et le monde entier ?"},"content":{"rendered":"\n<p class=\"article__intro\">Elle a \u00e9t\u00e9 membre du Parlement isra\u00e9lien, la Knesset, et est aujourd&rsquo;hui l&rsquo;une des analystes les plus respect\u00e9es au monde de la situation en Isra\u00ebl et au Moyen-Orient : la politologue Dr. Einat Wilf. Einat Wilf r\u00e9pond en exclusivit\u00e9 \u00e0 FocusIsrael.ch sur les dix questions les plus importantes concernant Isra\u00ebl et le Proche-Orient.<\/p>\n\n<figure class=\"wp-block-embed is-type-video is-provider-youtube wp-block-embed-youtube wp-embed-aspect-16-9 wp-has-aspect-ratio\"><div class=\"wp-block-embed__wrapper\">\n<iframe loading=\"lazy\" title=\"Warum ist es wichtig, die iranische Bedrohung f\u00fcr Israel und dieganze Welt zu beseitigen?\" width=\"500\" height=\"281\" src=\"https:\/\/www.youtube.com\/embed\/KcHK1VdYEI4?feature=oembed\" frameborder=\"0\" allow=\"accelerometer; autoplay; clipboard-write; encrypted-media; gyroscope; picture-in-picture; web-share\" referrerpolicy=\"strict-origin-when-cross-origin\" allowfullscreen><\/iframe>\n<\/div><\/figure>\n\n<p>Du Liban et de la Syrie au Y\u00e9men en passant par Gaza : Derri\u00e8re toutes les organisations terroristes islamistes se trouve l&rsquo;Iran. L&rsquo;\u00c9tat de Dieu dans le Golfe persique est un danger non seulement pour Isra\u00ebl, mais aussi pour tout l&rsquo;Occident. Le Dr Einat Wilf explique pourquoi et comment ce risque peut \u00eatre \u00e9cart\u00e9.<\/p>\n","protected":false},"excerpt":{"rendered":"<p>Elle a \u00e9t\u00e9 membre du Parlement isra\u00e9lien, la Knesset, et est aujourd&rsquo;hui l&rsquo;une des analystes les plus respect\u00e9es au monde de la situation en Isra\u00ebl et au Moyen-Orient : la politologue Dr. Einat Wilf. Einat Wilf r\u00e9pond en exclusivit\u00e9 \u00e0 FocusIsrael.ch sur les dix questions les plus importantes concernant Isra\u00ebl et le Proche-Orient. Du Liban [&hellip;]<\/p>\n","protected":false},"author":2,"featured_media":2342,"parent":2814,"menu_order":13,"comment_status":"closed","ping_status":"closed","template":"","meta":{"_hide_socialbar":"","footnotes":""},"categories":[],"tags":[373,375,378,372],"class_list":["post-2655","page","type-page","status-publish","has-post-thumbnail","hentry","tag-einat-wilf-fr","tag-faq-fr-2","tag-iran-fr","tag-israel-fr"],"aioseo_notices":[],"_links":{"self":[{"href":"https:\/\/fokusisrael.ch\/fr\/wp-json\/wp\/v2\/pages\/2655","targetHints":{"allow":["GET"]}}],"collection":[{"href":"https:\/\/fokusisrael.ch\/fr\/wp-json\/wp\/v2\/pages"}],"about":[{"href":"https:\/\/fokusisrael.ch\/fr\/wp-json\/wp\/v2\/types\/page"}],"author":[{"embeddable":true,"href":"https:\/\/fokusisrael.ch\/fr\/wp-json\/wp\/v2\/users\/2"}],"replies":[{"embeddable":true,"href":"https:\/\/fokusisrael.ch\/fr\/wp-json\/wp\/v2\/comments?post=2655"}],"version-history":[{"count":2,"href":"https:\/\/fokusisrael.ch\/fr\/wp-json\/wp\/v2\/pages\/2655\/revisions"}],"predecessor-version":[{"id":2657,"href":"https:\/\/fokusisrael.ch\/fr\/wp-json\/wp\/v2\/pages\/2655\/revisions\/2657"}],"up":[{"embeddable":true,"href":"https:\/\/fokusisrael.ch\/fr\/wp-json\/wp\/v2\/pages\/2814"}],"wp:featuredmedia":[{"embeddable":true,"href":"https:\/\/fokusisrael.ch\/fr\/wp-json\/wp\/v2\/media\/2342"}],"wp:attachment":[{"href":"https:\/\/fokusisrael.ch\/fr\/wp-json\/wp\/v2\/media?parent=2655"}],"wp:term":[{"taxonomy":"category","embeddable":true,"href":"https:\/\/fokusisrael.ch\/fr\/wp-json\/wp\/v2\/categories?post=2655"},{"taxonomy":"post_tag","embeddable":true,"href":"https:\/\/fokusisrael.ch\/fr\/wp-json\/wp\/v2\/tags?post=2655"}],"curies":[{"name":"wp","href":"https:\/\/api.w.org\/{rel}","templated":true}]}}